
{"id":57,"date":"2019-08-07T13:00:32","date_gmt":"2019-08-07T11:00:32","guid":{"rendered":"http:\/\/purbarcelona.com\/?page_id=57"},"modified":"2019-08-21T17:15:48","modified_gmt":"2019-08-21T15:15:48","slug":"privacitat","status":"publish","type":"page","link":"https:\/\/purbarcelona.com\/ca\/privacitat\/","title":{"rendered":"Privacitat"},"content":{"rendered":"<p>Pol\u00edtica de privacitat i protecci\u00f3 de dades<br \/>\nRa\u00f3 Social: Nando Jubany SL<\/p>\n<p>&nbsp;<\/p>\n<p>Domicili Social: Crta. de Sant Hilari s\/n (08506) Calldetenes<br \/>\nCorreu electr\u00f2nic: comunicaci\u00f3@canjubany.com<br \/>\nCIF: B-62834270<\/p>\n<p>&nbsp;<\/p>\n<p>A trav\u00e9s del present av\u00eds, NANDO JUBANY SL informa als usuaris del lloc web que, en compliment del Reglament (UE) 2016\/679 del Parlament Europeu i del Consell de 27 d\u2019abril de 2016 relatiu a la Protecci\u00f3 de les Persones F\u00edsiques respecte al tractament de dades personals i a la lliure circulaci\u00f3 de dades (en endavant, RGPD), i la llei org\u00e0nica 3\/2018 de 5 de desembre relativa a la Protecci\u00f3 de dades personals i garantia de drets digitals (en endavant, LOPDGDD), les dades personals facilitades seran incorporades al nostre fitxer titularitat de NANDO JUBANY SL amb domicili a la Ctra. Sant Hilari, s\/n (08506) Calldetenes. L\u2019acc\u00e9s al nostre espai Web no exigeix que l\u2019usuari realitzi un registre previ. Tanmateix, l\u2019acc\u00e9s i navegaci\u00f3 a trav\u00e9s d\u2019aquest espai Web suposa que l\u2019usuari accepta en la seva totalitat la present pol\u00edtica de privacitat i la de cookies.<\/p>\n<p>&nbsp;<\/p>\n<p>I. Legitimaci\u00f3 del tractament<br \/>\nLa legitimaci\u00f3 per dur a terme el tractament de les dades dels usuaris es troba en el consentiment de l\u2019interessat, sol\u00b7licitat pel cas concret. Per la seva banda, la gesti\u00f3 de la contractaci\u00f3 de serveis, pagament, facturaci\u00f3 i enviaments corresponents, est\u00e0 legitimada per la pr\u00f2pia execuci\u00f3 del contracte. El tractament de les dades amb la finalitat de remetre butlletins electr\u00f2nics sobre serveis, esdeveniments i not\u00edcies relacionades amb la nostra activitat, es basa en l\u2019inter\u00e8s leg\u00edtim de l\u2019empresa per dur a terme aquests tractaments d\u2019acord amb la normativa vigent. En relaci\u00f3 amb la remissi\u00f3 del seu Curr\u00edculum Vitae i inscripcions a ofertes professionals que puguem publicar, la legitimaci\u00f3 del seu tractament es basa en el consentiment de l\u2019usuari que remet les seves dades, el qual pot retirar en qualsevol moment, tot i que aix\u00f2 faria que la seva candidatura no pogu\u00e9s ser tinguda en compte en els nostres processos de selecci\u00f3 de personal. No obstant aix\u00f2, la retirada del seu consentiment no afectar\u00e0 la licitud dels tractaments efectuats amb anterioritat. Igualment es podr\u00e0 utilitzar la informaci\u00f3 de l\u2019usuari per al compliment de les diferents obligacions legals de l\u2019empresa<\/p>\n<p>&nbsp;<\/p>\n<p>II. Finalitat del tractament<br \/>\nL\u2019informem que es recullen exclusivament aquelles dades necess\u00e0ries pel correcte desenvolupament de la relaci\u00f3 existent entre les parts, i en concret, per alguna\/es de les seg\u00fcents finalitats:<br \/>\n&#8211; Gestionar la contractaci\u00f3 de serveis i aquelles gestions administratives pr\u00f2pies de la relaci\u00f3 comercial existent.<br \/>\n&#8211; Gestionar l\u2019\u00fas de qualsevol d\u2019aquelles funcionalitats que es posa a la seva disposici\u00f3 en aquest espai web, incloent, de forma enunciativa i per tant, no limitativa, la subscripci\u00f3 als butlletins informatius i les consultes o sol\u00b7licituds d\u2019informaci\u00f3.<br \/>\n&#8211; Gestionar la remesa del seu Curr\u00edculum Vitae a trav\u00e9s del formulari habilitat o en cas d\u2019inscripci\u00f3 a les diferents ofertes de feina del grup.<br \/>\n&#8211; Realitzar l\u2019enviament de comunicacions d\u2019ofertes, serveis i informaci\u00f3 del sector que poden ser personalitzats d\u2019acord a la informaci\u00f3 de les seves anteriors contractacions o prefer\u00e8ncies.<br \/>\nL\u2019usuari garanteix l\u2019autenticitat de les dades comunicades i ser\u00e0 l\u2019\u00fanic responsable de les manifestacions falses o inexactes. Les dades de car\u00e0cter personal que ens faciliti seran sempre tractades de conformitat amb el RGPD i la LOPDGDD..<br \/>\nLi comuniquem que l\u2019empresa \u00e9s el destinatari final d\u2019aquestes dades i \u00e9s qui decideix sobre la finalitat, el contingut i l\u2019\u00fas del tractament de les dades de car\u00e0cter personal que ens facilitin els usuaris.<\/p>\n<p>&nbsp;<\/p>\n<p>III. Comunicaci\u00f3 de dades<br \/>\nL\u2019informem que les seves dades personals seran lliurades a terceres empreses en els sup\u00f2sits d\u2019obligaci\u00f3 legals i a empreses de serveis de la societat de la informaci\u00f3 (hosting, enviament de mailings i servidors de correu electr\u00f2nic, empreses que gestionen els locals en els quals s\u2019ubiquen els nostres esdeveniments per al control d\u2019acc\u00e9s, empreses de comunicaci\u00f3 i m\u00e0rqueting per a la gesti\u00f3 de les mateixes)<\/p>\n<p>&nbsp;<\/p>\n<p>IV. Mesures de seguretat<br \/>\nEn compliment de la normativa vigent, l\u2019empresa garanteix que ha adoptat totes les mesures t\u00e8cniques i organitzatives necess\u00e0ries per mantenir el nivell de seguretat requerit en atenci\u00f3 a la naturalesa de les dades personals tractades. L\u2019empresa fa pal\u00e8s el seu comprom\u00eds amb la protecci\u00f3 de les dades personals i la privacitat dels usuaris, i porta a terme les mesures de seguretat t\u00e8cniques necess\u00e0ries per tal d\u2019evitar la seva p\u00e8rdua, manipulaci\u00f3, difusi\u00f3 o alteraci\u00f3.<\/p>\n<p>&nbsp;<\/p>\n<p>V. Per\u00edode de conservaci\u00f3 de les dades<br \/>\nL\u2019informem que les seves dades seran suprimides en el moment que revoqui el seu consentiment, procedint a la seva destrucci\u00f3, excepte en el cas que existeixi una norma legal que requereixi la seva conservaci\u00f3, procedint, en aquest cas, al bloqueig de les dades fins que transcorri el termini de conservaci\u00f3.<\/p>\n<p>&nbsp;<\/p>\n<p>VI. Drets dels usuaris<br \/>\nPer \u00faltim, tamb\u00e9 l\u2019informem que en qualsevol moment pot exercir els drets d\u2019acc\u00e9s, rectificaci\u00f3, supressi\u00f3, limitaci\u00f3, portabilitat i oposici\u00f3 respecte a les seves dades de car\u00e0cter personal previstos a la normativa en mat\u00e8ria de protecci\u00f3 de dades, enviant un escrit acompanyat d\u2019una fotocopia del document d\u2019identitat al correu electr\u00f2nic de l\u2019empresa comunicacio@canjubany.com<\/p>\n<p>&nbsp;<\/p>\n<p>En concret pot exercir els drets que es desenvolupen a continuaci\u00f3:<\/p>\n<p>&nbsp;<\/p>\n<p>&#8211; Revocar els consentiments atorgats.<br \/>\n&#8211; Obtenir confirmaci\u00f3 sobre si l\u2019empresa est\u00e0 tractant dades personals que el concerneixen o no.<br \/>\n&#8211; Accedir a les seves dades personals.<br \/>\n&#8211; Rectificar les dades inexactes o incompletes.<br \/>\n&#8211; Sol\u00b7licitar la supressi\u00f3 de les seves dades quan, entre altres motius, les dades ja no siguin necessaris per les finalitats per les quals van ser recollides.<br \/>\n&#8211; Exercir la limitaci\u00f3 del tractament de les dades quan es compleixi alguna de les condicions previstes en la normativa de protecci\u00f3 de dades.<br \/>\n&#8211; En determinades circumst\u00e0ncies i per motius relacionats amb la seva situaci\u00f3 particular al tractament de les seves dades, els interessats podran oposar-se al tractament de les seves dades. L\u2019empresa deixar\u00e0 de tractar les dades, excepte per motius leg\u00edtims imperiosos, o l\u2019exercici o la defensa de possibles reclamacions.<br \/>\n&#8211; Obtenir intervenci\u00f3 humana, a expressar el seu punt de vista i a impugnar les decisions automatitzades adoptades per part de l\u2019empresa, si s\u2019escau.<br \/>\n&#8211; Sol\u00b7licitar la portabilitat de les seves dades.<\/p>\n<p>&nbsp;<\/p>\n<p>En cas de disconformitat en relaci\u00f3 a la tramitaci\u00f3 de les seves dades pot presentar una reclamaci\u00f3 davant l\u2019Ag\u00e8ncia Espanyola de Protecci\u00f3 de Dades, organisme que ostenta l\u2019autoritat de control en la mat\u00e8ria, ubicada al C\/ Jorge Juan, 6 de Madrid (CP 28001).<\/p>\n<p>&nbsp;<\/p>\n<p>Aquest lloc web pot contenir enlla\u00e7os a p\u00e0gines externes, l\u2019empresa no assumeix cap responsabilitat sobre els continguts ni sobre qualsevol altre aspecte relacionat amb aquestes p\u00e0gines o llocs web.<\/p>\n<p>&nbsp;<\/p>\n<p>L\u2019empresa es reserva el dret de modificar la present pol\u00edtica de privacitat d\u2019acord amb al seu propi criteri, o motivat per un canvi legal, jurisprudencial, o doctrinal de l\u2019Ag\u00e8ncia Espanyola de Protecci\u00f3 de Dades. L\u2019\u00fas de la web despr\u00e9s dels canvis, implicar\u00e0 l\u2019acceptaci\u00f3 dels mateixos.<\/p>\n","protected":false},"excerpt":{"rendered":"<p>Pol\u00edtica de privacitat i protecci\u00f3 de dades Ra\u00f3 Social: Nando Jubany SL &nbsp; Domicili Social: Crta. de Sant Hilari s\/n (08506) Calldetenes Correu electr\u00f2nic: comunicaci\u00f3@canjubany.com CIF: B-62834270 &nbsp; A trav\u00e9s del present av\u00eds, NANDO JUBANY SL informa als usuaris del lloc web que, en compliment del Reglament (UE) 2016\/679 del Parlament Europeu i del Consell [&hellip;]<\/p>\n","protected":false},"author":1,"featured_media":0,"parent":0,"menu_order":68,"comment_status":"closed","ping_status":"closed","template":"app-controller\/privacitat.php","meta":{"_acf_changed":false,"footnotes":""},"class_list":["post-57","page","type-page","status-publish","hentry"],"acf":[],"_links":{"self":[{"href":"https:\/\/purbarcelona.com\/ca\/wp-json\/wp\/v2\/pages\/57","targetHints":{"allow":["GET"]}}],"collection":[{"href":"https:\/\/purbarcelona.com\/ca\/wp-json\/wp\/v2\/pages"}],"about":[{"href":"https:\/\/purbarcelona.com\/ca\/wp-json\/wp\/v2\/types\/page"}],"author":[{"embeddable":true,"href":"https:\/\/purbarcelona.com\/ca\/wp-json\/wp\/v2\/users\/1"}],"replies":[{"embeddable":true,"href":"https:\/\/purbarcelona.com\/ca\/wp-json\/wp\/v2\/comments?post=57"}],"version-history":[{"count":0,"href":"https:\/\/purbarcelona.com\/ca\/wp-json\/wp\/v2\/pages\/57\/revisions"}],"wp:attachment":[{"href":"https:\/\/purbarcelona.com\/ca\/wp-json\/wp\/v2\/media?parent=57"}],"curies":[{"name":"wp","href":"https:\/\/api.w.org\/{rel}","templated":true}]}}